{"id":55,"date":"2024-04-15T23:27:58","date_gmt":"2024-04-15T21:27:58","guid":{"rendered":"https:\/\/www.petrapackband.de\/?page_id=55"},"modified":"2025-03-13T15:26:20","modified_gmt":"2025-03-13T14:26:20","slug":"presse","status":"publish","type":"page","link":"https:\/\/www.petrapackband.de\/index.php\/presse\/","title":{"rendered":"PRESSE"},"content":{"rendered":"\n<h2 class=\"wp-block-heading\">Pressemitteilung<\/h2>\n\n\n\n<details class=\"wp-block-details is-layout-flow wp-block-details-is-layout-flow\"><summary>Offizielle Pressemitteilung<\/summary>\n<p><i>\u201ePetra Pack ist die wohl eigenwilligste Band, die es in unseren Gefilden gibt. Ein bisschen Ballade, ein bisschen Punk, ein bisschen Indie, ein bisschen Synthie-Pop.\u201c <\/i>So beschreibt das Kulturmagazin \u201eCarpe Diem\u201c die vier Damen mit rhythmischer Herrenbegleitung aus Wei\u00dfenburg. Und hat wohl Recht. Denn wer Petra Pack erlebt, wird sie nicht mehr vergessen: die Sounds, die Melodien, die frechen Texte, den Spa\u00df auf der B\u00fchne. Was Annemarie Endner, Daniel Albrecht, Annette Joppien, Julia Reinhardt und Sabine Stephan da aufs Tableau bringen, da muss man einfach mitsingen, tanzen, schunkeln, manchmal auch gr\u00f6len oder einfach nur lachen \u2013 denn ein Augenzwinkern ist bei dieser unvergleichlichen Formation immer dabei.<\/p>\n\n\n\n<p>2022 wurde die Rosenheimer Indie-Rockband Kaffkiez auf Petra Pack aufmerksam und nahm sie kurzerhand ins Vorprogramm ihrer nahezu komplett ausverkauften Tour \u201eAlles vorbei\u201c. Auch im darauffolgenden Jahr folgte eine Einladung in ihre erste von drei ausverkauften Homecoming-Shows in Rosenheim, wo Petra Pack dann sogar gemeinsam mit Sportfreunde Stiller zu Gast waren.<\/p>\n\n\n\n<p>Sobald Musik im Spiel ist, f\u00fchlt sich Petra Pack \u00fcberall zu Hause: Sei es auf Festivals (Heimspiel Festival, Red Day Open Air, Der Krater bebt, etc.), in Jugendzentren (JUZ Wei\u00dfenburg, JUZ Eckental), in Kleinkunstformaten (HopfenBierGut Spalt, Poetry Slam Wei\u00dfenburg) oder klassisch in Clubs (MUZ Club N\u00fcrnberg), lokalen B\u00fchnen (Zollamt Heidenheim) oder an spektakul\u00e4ren Orten (Balkone, Theken, Stammtische).<\/p>\n\n\n\n<p>Ihr erstes Album \u201eLieber nicht\u201c (ET 02.12.2022) finanzierte sich Petra Pack per Crowdfunding und pflegt mit ihren Fans ein sehr gutes Verh\u00e4ltnis. Bei einem Online-Voting f\u00fcr das Festival Pinot and Rock 2024 in Breisach am Rhein bugsierten ihre Anh\u00e4nger*innen die Petras in die Finalrunde. <\/p>\n\n\n\n<p>2023 spendete Petra Pack ihren Song \u201eNur eine Nacht\u201c f\u00fcr die Stra\u00dfenkreuzer-CD, einem N\u00fcrnberger Sozial-Sampler, und war Headliner bei der Release-Party in N\u00fcrnberg<\/p>\n\n\n\n<p>Der Titel-Song \u201eLieber nicht\u201c ihres Deb\u00fctalbums war auch schon das Montagsdemo im Z\u00fcndfunk (Bayern2). Zudem sind sie gern gesehener Gast beim N\u00fcrnberger Radiosender Radio Z (Lokale Leidenschaften, Akte XX, Rock in Black). Auch der Bayerische Rundfunk drehte bereits mit den Damen und dem Herren einen Beitrag f\u00fcr die Frankenschau \u2013 zu finden in der ARD Mediathek.<\/p>\n\n\n\n<p>Herkunft: Wei\u00dfenburg\/Ellingen<br>Musikstil: Synthie-Indie-Pop-Punk<br>Aktiv seit: 2015<br>Ver\u00f6ffentlichung: &#8222;Lieber nicht&#8220;, Album, ET 02.12.2022 <br><br>Annemarie Endner: Gesang<br>Daniel Albrecht: Schlagzeug<br>Annette Joppien: Gitarre<br>Julia Reinhardt: Bass<br>Sabine Stephan: Keyboard<\/p>\n<\/details>\n\n\n\n<h2 class=\"wp-block-heading\">Pressestimmen<\/h2>\n\n\n\n<details class=\"wp-block-details is-layout-flow wp-block-details-is-layout-flow\"><summary>Das schreibt der Bayerische Rundfunk<\/summary>\n<p class=\"has-text-align-center\">&#8222;Wer selbstgemachte Musik sch\u00e4tzt, sich von Humor und Authentizit\u00e4t anstecken lassen will, ist bei Petra Pack richtig.&#8220;<\/p>\n\n\n\n<p><a href=\"https:\/\/www.br.de\/nachrichten\/kultur\/petra-pack-mit-derbem-humor-auf-die-grosse-buehne,U9YV85y\">Hier zum Artikel und Video<\/a><\/p>\n\n\n\n<div class=\"wp-block-columns is-layout-flex wp-container-core-columns-is-layout-9d6595d7 wp-block-columns-is-layout-flex\"><\/div>\n<\/details>\n\n\n\n<details class=\"wp-block-details is-layout-flow wp-block-details-is-layout-flow\"><summary>Das schreibt das Wei\u00dfenburger Tagblatt<\/summary>\n<p class=\"has-text-align-center\">\u201ePetra Pack k\u00f6nnen frechen Punk mit Indie-Einschlag, Herzschmerz-Reggae und italo-deutschen Amore-Pop.\u201c<\/p>\n\n\n\n<p class=\"has-text-align-center\">\u201eDurch ihren Pop-Punk-Indie-Sound entstehen Gute-Laune-Lieder zum Tanzen und Mitgr\u00f6len.\u201c<\/p>\n\n\n\n<p class=\"has-text-align-center\">\u201ePetra Pack macht Lust auf den kommenden Festival-Sommer.\u201c<\/p>\n\n\n\n<p class=\"has-text-align-center\">\u201eMit ihrer unvergleichlichen Art und ihren Texten besetzen sie eine kleine Nische.\u201c<\/p>\n\n\n\n<p class=\"has-text-align-center\">\u201ePetra Pack boten hintersinnige Lieder \u00fcber Liebe, M\u00e4nner, Lust und Leben. Unanst\u00e4ndig? Nein: gar nicht, einfach witzig, augenzwinkernd frech und (manchmal zu) ehrlich.\u201c<\/p>\n<\/details>\n\n\n\n<details class=\"wp-block-details is-layout-flow wp-block-details-is-layout-flow\"><summary>Das schreibt das Kulturmagazin Carpe Diem<\/summary>\n<p class=\"has-text-align-center\">\u201ePetra Pack ist die wohl eigenwilligste Band, die es in unseren Gefilden gibt. Vier Frauen und ihr Schlagzeuger, die in keine Schublade passen und ein konventionelles Korsett schon gleich gar nicht.\u201c<\/p>\n\n\n\n<p class=\"has-text-align-center\">\u201eDie vier \u201ePetras\u201c nehmen kein Blatt vor den Mund.\u201c<\/p>\n\n\n\n<p class=\"has-text-align-center\">\u201eEin bisschen Ballade, ein bisschen Punk, ein bisschen Indie, ein bisschen Synthie-Pop.\u201c<\/p>\n\n\n\n<p class=\"has-text-align-center\">\u201ePetra Pack fallen auf, sind anders.\u201c<\/p>\n<\/details>\n\n\n\n<details class=\"wp-block-details is-layout-flow wp-block-details-is-layout-flow\"><summary>Das schreibt die Heidenheimer Zeitung<\/summary>\n<p><\/p>\n\n\n\n<p class=\"has-text-align-center\">\u201ePetra Pack &#8211; vier Damen mit rhythmischer Herrenbegleitung, wie sie sich selbst beschreiben-, machten gleich so gute Musik mit eigenen, witzigen, selbstironischen und frechen Texten, in denen es um M\u00e4nner, Liebe, Sex und die entsprechenden Entt\u00e4uschungen geht, dass die G\u00e4ste sofort auf die Tanzfl\u00e4che str\u00f6mten.\u201c<\/p>\n\n\n\n<p class=\"has-text-align-center\">\u201ePetra Pack pr\u00e4sentieren ihre Songs sehr gekonnt und mitrei\u00dfend, sowohl im starken, manchmal fast dreckig-rockigen Gesang als auch in den gelungenen Kompositionen und Instrumentalteilen.\u201c <\/p>\n\n\n\n<p class=\"has-text-align-center\">\u201eDas Publikum jubelte laut.\u201c<\/p>\n<\/details>\n\n\n\n<details class=\"wp-block-details is-layout-flow wp-block-details-is-layout-flow\"><summary>Das schreiben die N\u00fcrnberger Nachrichten<\/summary>\n<p><\/p>\n\n\n\n<p class=\"has-text-align-center\">\u201ePetra Pack aus Wei\u00dfenburg umgarnen das Publikum mit frechen Texten, sch\u00f6nen Melodien und spa\u00dfigen Einlagen.\u201c<\/p>\n<\/details>\n\n\n\n<details class=\"wp-block-details is-layout-flow wp-block-details-is-layout-flow\"><summary>Das schreibt das Stra\u00dfenkreuzer Magazin <\/summary>\n<p>Immer zum Jahresende erscheint die Stra\u00dfenkreuzer-CD, das weltweit einzigartige Musikprojekt dieses Magazins. Und jedes Jahr steigt zur Ver\u00f6ffentlichung eine rauschende Party mit drei Livebands. Aus den sattsam bekannten Gr\u00fcnden musste diese in den letzten Jahren leider entfallen, doch neulich war es endlich wieder so weit: Im MUZclub in N\u00fcrnberg knallten die Korken. <strong>Mit dabei live on stage waren die gro\u00dfartigen Petra Pack,<\/strong> von denen der gute Artur Engler (der den Sampler seit Anbeginn betreut) schon seit Jahren schw\u00e4rmt.&nbsp;<\/p>\n\n\n\n<p>Was soll man sagen? Der Mann hat wieder einmal recht! Schon die auf der neuen Stra\u00dfenkreuzer-CD vertretene Nummer \u201eNur eine Nacht\u201c ist ein Burner. Doch live sind die (Zitat Presseinfo) \u201evier Damen mit rhythmischer Herrenbegleitung, in jedem Musikstil unterwegs, immer mit Augenzwinkern\u201c ein Erlebnis. Mit dem ersten Ton ihres gutgelaunten Indie-Trash-Pop-Sounds nehmen sie uns an der Hand und entf\u00fchren uns in ihre ganz eigene kleine Welt, in der es viel um Essen, Trinken, M\u00e4nner, Urlaub, Sehnsucht, Stalking (aktiv) und die Freuden der k\u00f6rperlichen Liebe geht \u201eJohnny, \u00fcberrasch\u2019 mich \u2013 aber bitte nicht sexuell!\u201c&nbsp;<\/p>\n\n\n\n<p>Petra Pack folgt ihrem ganz eigenen Humor-Kompass. Die Texte sind pointiert, frivol und gerne auch mal ordentlich b\u00f6se. Immer wieder klappt im letzten Songdrittel eine zweite Ebene auf oder es l\u00e4uft zumindest ein Subtext mit. Am Ende jeder Nummer haben Annemarie Endner (Gesang), Julia Reinhardt (Bass), Annette Joppien (Gitarre) Sabine Stephan (Keyboars) und Daniel Albrecht (Schlagzeug) das letzte Wort und den finalen Lacher auf ihrer Seite, etwa, wenn sich der Fang der Nacht als reichlich unreifes Muttis\u00f6hnchen entpuppt. Manchmal geht es aber auch einfach nur um dicke M\u00e4nner oder darum, die H\u00e4nde hoch zu rei\u00dfen, wenn das Kommando \u201eH\u00e4nde hoch\u201c kommt \u2013 wie in der so simplen wie effektiven Partynummer gleichen Namens.&nbsp;<\/p>\n\n\n\n<p>Nachzuh\u00f6ren ist all dies auf \u201eLieber nicht\u201c, dem noch ganz frischen, via Crowdfunding realisierten Deb\u00fctalbum der vier Musikerinnen und ihrem Schlagwerker aus Wei\u00dfenburg beziehungsweise Ellingen. Neun Nummern, eine gute halbe Stunde Unterhaltung \u2013 ein Traum oder besser: a Draum! Petra Pack ist eine feine kleine Entdeckung. Aber wie gesagt: Unbedingt live angucken &#8230;&nbsp;<\/p>\n\n\n\n<p>Stefan Gnad, Journalist&nbsp;<\/p>\n\n\n\n<div data-wp-interactive=\"core\/file\" class=\"wp-block-file\"><object data-wp-bind--hidden=\"!state.hasPdfPreview\" hidden class=\"wp-block-file__embed\" data=\"https:\/\/www.petrapackband.de\/wp-content\/uploads\/2024\/06\/sk24-01-final.pdf\" type=\"application\/pdf\" style=\"width:100%;height:600px\" aria-label=\"Einbettung von Stra\u00dfenkreuzer Sozialmagazin 01\/2024.\"><\/object><a id=\"wp-block-file--media-8e8582e8-134c-4c14-ab15-08fa96ef6bfc\" href=\"https:\/\/www.petrapackband.de\/wp-content\/uploads\/2024\/06\/sk24-01-final.pdf\">Stra\u00dfenkreuzer Sozialmagazin 01\/2024<\/a><a href=\"https:\/\/www.petrapackband.de\/wp-content\/uploads\/2024\/06\/sk24-01-final.pdf\" class=\"wp-block-file__button wp-element-button\" download aria-describedby=\"wp-block-file--media-8e8582e8-134c-4c14-ab15-08fa96ef6bfc\">Herunterladen<\/a><\/div>\n<\/details>\n\n\n\n<details class=\"wp-block-details is-layout-flow wp-block-details-is-layout-flow\"><summary>Das sagt Akte XX (Radio Z)<\/summary>\n<p class=\"has-text-align-center\">&#8222;Petra Pack sind mit das Spannendste, was uns zuletzt im lokalen und regionalen Musikgeschehen begegnet ist, vor allem auch deshalb, weil sie so komplett anders klingen und auch komplett anders sind als alles, was hier sonst so kreucht und fleucht und musiziert in der nordbayerischen Diaspora.&#8220;<\/p>\n<\/details>\n\n\n\n<div class=\"wp-block-columns is-layout-flex wp-container-core-columns-is-layout-9d6595d7 wp-block-columns-is-layout-flex\">\n<div class=\"wp-block-column is-layout-flow wp-block-column-is-layout-flow\">\n<details class=\"wp-block-details is-layout-flow wp-block-details-is-layout-flow\"><summary>Das schreibt die Roth-Hilpoltsteiner Volkszeitung<\/summary>\n<p class=\"has-text-align-center\">&#8222;Mit frechen, pointierten Texten schipperte die Band von augenzwinkerndem Feminismus (\u201eDer n\u00e4chste Halt ist Feucht\u201c) \u00fcber musikalische Seitenhiebe auf untalentierte Sch\u00f6nlinge (\u201eJohnny\u201c) bis hin zur ironischen Hymne auf den \u00fcberqualifizierten Durchschnittstyp (\u201eDer dicke Mann\u201c). Und als \u201eUnvernunft\u201c erklang &#8211; ein Lied \u00fcber die Sehnsucht, einfach mal nicht perfekt sein zu m\u00fcssen &#8211; war klar: Petra Pack ist laut, bissig, aber vor allem eins &#8211; verdammt unterhaltsam.\u00a0&#8220;\u00a0(10.03.2025)<\/p>\n\n\n\n<p class=\"has-text-align-center\">&#8222;Der Applaus war laut und ausdauernd.\u201c\u00a0(10.03.2025)<\/p>\n<\/details>\n<\/div>\n<\/div>\n\n\n\n<h2 class=\"wp-block-heading\">Presse-Fotos<\/h2>\n\n\n\n<figure class=\"wp-block-gallery has-nested-images columns-default is-cropped wp-block-gallery-1 is-layout-flex wp-block-gallery-is-layout-flex\"><div class=\"wp-block-image\">\n<figure class=\"aligncenter size-large\"><img loading=\"lazy\" decoding=\"async\" width=\"1007\" height=\"1024\" data-id=\"15\" src=\"https:\/\/www.petrapackband.de\/wp-content\/uploads\/2024\/04\/DSC04294-3_quadrat-1007x1024.jpeg\" alt=\"\" class=\"wp-image-15\" srcset=\"https:\/\/www.petrapackband.de\/wp-content\/uploads\/2024\/04\/DSC04294-3_quadrat-1007x1024.jpeg 1007w, https:\/\/www.petrapackband.de\/wp-content\/uploads\/2024\/04\/DSC04294-3_quadrat-295x300.jpeg 295w, https:\/\/www.petrapackband.de\/wp-content\/uploads\/2024\/04\/DSC04294-3_quadrat-768x781.jpeg 768w, https:\/\/www.petrapackband.de\/wp-content\/uploads\/2024\/04\/DSC04294-3_quadrat-1511x1536.jpeg 1511w, https:\/\/www.petrapackband.de\/wp-content\/uploads\/2024\/04\/DSC04294-3_quadrat-2014x2048.jpeg 2014w, https:\/\/www.petrapackband.de\/wp-content\/uploads\/2024\/04\/DSC04294-3_quadrat-300x305.jpeg 300w, https:\/\/www.petrapackband.de\/wp-content\/uploads\/2024\/04\/DSC04294-3_quadrat-850x864.jpeg 850w\" sizes=\"auto, (max-width: 706px) 89vw, (max-width: 767px) 82vw, 740px\" \/><figcaption class=\"wp-element-caption\">Foto: Felix Oeder<\/figcaption><\/figure>\n<\/div>\n\n\n<figure class=\"wp-block-image size-large\"><img loading=\"lazy\" decoding=\"async\" width=\"757\" height=\"1024\" data-id=\"25\" src=\"https:\/\/www.petrapackband.de\/wp-content\/uploads\/2024\/04\/IMG_4877-757x1024.jpeg\" alt=\"\" class=\"wp-image-25\" srcset=\"https:\/\/www.petrapackband.de\/wp-content\/uploads\/2024\/04\/IMG_4877-757x1024.jpeg 757w, https:\/\/www.petrapackband.de\/wp-content\/uploads\/2024\/04\/IMG_4877-222x300.jpeg 222w, https:\/\/www.petrapackband.de\/wp-content\/uploads\/2024\/04\/IMG_4877-768x1040.jpeg 768w, https:\/\/www.petrapackband.de\/wp-content\/uploads\/2024\/04\/IMG_4877-1135x1536.jpeg 1135w, https:\/\/www.petrapackband.de\/wp-content\/uploads\/2024\/04\/IMG_4877-1513x2048.jpeg 1513w, https:\/\/www.petrapackband.de\/wp-content\/uploads\/2024\/04\/IMG_4877-300x406.jpeg 300w, https:\/\/www.petrapackband.de\/wp-content\/uploads\/2024\/04\/IMG_4877-850x1151.jpeg 850w, https:\/\/www.petrapackband.de\/wp-content\/uploads\/2024\/04\/IMG_4877-scaled.jpeg 1891w\" sizes=\"auto, (max-width: 706px) 89vw, (max-width: 767px) 82vw, 740px\" \/><figcaption class=\"wp-element-caption\">Foto: Jochen Wieland<\/figcaption><\/figure>\n<\/figure>\n","protected":false},"excerpt":{"rendered":"<p>Pressemitteilung Pressestimmen Presse-Fotos<\/p>\n","protected":false},"author":2,"featured_media":290,"parent":0,"menu_order":0,"comment_status":"closed","ping_status":"closed","template":"","meta":{"footnotes":""},"class_list":["post-55","page","type-page","status-publish","has-post-thumbnail","hentry"],"_links":{"self":[{"href":"https:\/\/www.petrapackband.de\/index.php\/wp-json\/wp\/v2\/pages\/55","targetHints":{"allow":["GET"]}}],"collection":[{"href":"https:\/\/www.petrapackband.de\/index.php\/wp-json\/wp\/v2\/pages"}],"about":[{"href":"https:\/\/www.petrapackband.de\/index.php\/wp-json\/wp\/v2\/types\/page"}],"author":[{"embeddable":true,"href":"https:\/\/www.petrapackband.de\/index.php\/wp-json\/wp\/v2\/users\/2"}],"replies":[{"embeddable":true,"href":"https:\/\/www.petrapackband.de\/index.php\/wp-json\/wp\/v2\/comments?post=55"}],"version-history":[{"count":22,"href":"https:\/\/www.petrapackband.de\/index.php\/wp-json\/wp\/v2\/pages\/55\/revisions"}],"predecessor-version":[{"id":448,"href":"https:\/\/www.petrapackband.de\/index.php\/wp-json\/wp\/v2\/pages\/55\/revisions\/448"}],"wp:featuredmedia":[{"embeddable":true,"href":"https:\/\/www.petrapackband.de\/index.php\/wp-json\/wp\/v2\/media\/290"}],"wp:attachment":[{"href":"https:\/\/www.petrapackband.de\/index.php\/wp-json\/wp\/v2\/media?parent=55"}],"curies":[{"name":"wp","href":"https:\/\/api.w.org\/{rel}","templated":true}]}}